{"id":271,"date":"2023-09-02T08:00:14","date_gmt":"2023-09-02T08:00:14","guid":{"rendered":"https:\/\/welcomespanishrevolution.com\/ocs2023\/?page_id=271"},"modified":"2023-10-09T17:34:04","modified_gmt":"2023-10-09T17:34:04","slug":"galiza","status":"publish","type":"page","link":"https:\/\/welcomespanishrevolution.com\/ocs2023\/galiza\/","title":{"rendered":"Galiza"},"content":{"rendered":"[vc_row type=\u00bbfull_width_background\u00bb full_screen_row_position=\u00bbmiddle\u00bb column_margin=\u00bbdefault\u00bb column_direction=\u00bbdefault\u00bb column_direction_tablet=\u00bbdefault\u00bb column_direction_phone=\u00bbdefault\u00bb scene_position=\u00bbcenter\u00bb top_padding=\u00bb5%\u00bb bottom_padding=\u00bb4%\u00bb text_color=\u00bbdark\u00bb text_align=\u00bbleft\u00bb row_border_radius=\u00bbnone\u00bb row_border_radius_applies=\u00bbbg\u00bb overflow=\u00bbvisible\u00bb overlay_strength=\u00bb0.3&#8243; gradient_direction=\u00bbleft_to_right\u00bb shape_divider_position=\u00bbbottom\u00bb bg_image_animation=\u00bbnone\u00bb shape_type=\u00bbfan\u00bb gradient_type=\u00bbdefault\u00bb][vc_column column_padding=\u00bbno-extra-padding\u00bb column_padding_tablet=\u00bbinherit\u00bb column_padding_phone=\u00bbinherit\u00bb column_padding_position=\u00bball\u00bb column_element_direction_desktop=\u00bbdefault\u00bb column_element_spacing=\u00bbdefault\u00bb desktop_text_alignment=\u00bbdefault\u00bb tablet_text_alignment=\u00bbdefault\u00bb phone_text_alignment=\u00bbdefault\u00bb background_color_opacity=\u00bb1&#8243; background_hover_color_opacity=\u00bb1&#8243; column_backdrop_filter=\u00bbnone\u00bb column_shadow=\u00bbnone\u00bb column_border_radius=\u00bbnone\u00bb column_link_target=\u00bb_self\u00bb column_position=\u00bbdefault\u00bb gradient_direction=\u00bbleft_to_right\u00bb overlay_strength=\u00bb0.3&#8243; width=\u00bb1\/4&#8243; tablet_width_inherit=\u00bbdefault\u00bb animation_type=\u00bbdefault\u00bb bg_image_animation=\u00bbnone\u00bb border_type=\u00bbsimple\u00bb column_border_width=\u00bbnone\u00bb column_border_style=\u00bbsolid\u00bb][\/vc_column][vc_column column_padding=\u00bbno-extra-padding\u00bb column_padding_tablet=\u00bbinherit\u00bb column_padding_phone=\u00bbinherit\u00bb column_padding_position=\u00bball\u00bb column_element_direction_desktop=\u00bbdefault\u00bb column_element_spacing=\u00bbdefault\u00bb desktop_text_alignment=\u00bbdefault\u00bb tablet_text_alignment=\u00bbdefault\u00bb phone_text_alignment=\u00bbdefault\u00bb background_color_opacity=\u00bb1&#8243; background_hover_color_opacity=\u00bb1&#8243; column_backdrop_filter=\u00bbnone\u00bb column_shadow=\u00bbnone\u00bb column_border_radius=\u00bbnone\u00bb column_link_target=\u00bb_self\u00bb column_position=\u00bbdefault\u00bb gradient_direction=\u00bbleft_to_right\u00bb overlay_strength=\u00bb0.3&#8243; width=\u00bb1\/2&#8243; tablet_width_inherit=\u00bbdefault\u00bb animation_type=\u00bbdefault\u00bb bg_image_animation=\u00bbnone\u00bb border_type=\u00bbsimple\u00bb column_border_width=\u00bbnone\u00bb column_border_style=\u00bbsolid\u00bb][nectar_highlighted_text color_type=\u00bbregular\u00bb highlight_color=\u00bb#ccab5e\u00bb style=\u00bbhalf_text\u00bb]\n<h2 style=\"text-align: center;\"><span style=\"font-weight: 400;\">Las formas comunes del monte y del mar en el fin del mundo. Memorias para transitar futuros<\/span><\/h2>\n[\/nectar_highlighted_text][\/vc_column][vc_column column_padding=\u00bbno-extra-padding\u00bb column_padding_tablet=\u00bbinherit\u00bb column_padding_phone=\u00bbinherit\u00bb column_padding_position=\u00bball\u00bb column_element_direction_desktop=\u00bbdefault\u00bb column_element_spacing=\u00bbdefault\u00bb desktop_text_alignment=\u00bbdefault\u00bb tablet_text_alignment=\u00bbdefault\u00bb phone_text_alignment=\u00bbdefault\u00bb background_color_opacity=\u00bb1&#8243; background_hover_color_opacity=\u00bb1&#8243; column_backdrop_filter=\u00bbnone\u00bb column_shadow=\u00bbnone\u00bb column_border_radius=\u00bbnone\u00bb column_link_target=\u00bb_self\u00bb column_position=\u00bbdefault\u00bb gradient_direction=\u00bbleft_to_right\u00bb overlay_strength=\u00bb0.3&#8243; width=\u00bb1\/4&#8243; tablet_width_inherit=\u00bbdefault\u00bb animation_type=\u00bbdefault\u00bb bg_image_animation=\u00bbnone\u00bb border_type=\u00bbsimple\u00bb column_border_width=\u00bbnone\u00bb column_border_style=\u00bbsolid\u00bb][\/vc_column][\/vc_row][vc_row type=\u00bbfull_width_content\u00bb full_screen_row_position=\u00bbmiddle\u00bb column_margin=\u00bb90px\u00bb equal_height=\u00bbyes\u00bb content_placement=\u00bbtop\u00bb column_direction=\u00bbdefault\u00bb column_direction_tablet=\u00bbdefault\u00bb column_direction_phone=\u00bbdefault\u00bb bg_color=\u00bb#85af89&#8243; scene_position=\u00bbcenter\u00bb top_padding=\u00bb2%\u00bb bottom_padding=\u00bb2%\u00bb left_padding_desktop=\u00bb5%\u00bb constrain_group_2=\u00bbyes\u00bb right_padding_desktop=\u00bb5%\u00bb left_padding_tablet=\u00bb20%\u00bb constrain_group_4=\u00bbyes\u00bb right_padding_tablet=\u00bb20%\u00bb left_padding_phone=\u00bb24px\u00bb constrain_group_6=\u00bbyes\u00bb right_padding_phone=\u00bb24px\u00bb text_color=\u00bbdark\u00bb text_align=\u00bbleft\u00bb row_border_radius=\u00bbnone\u00bb row_border_radius_applies=\u00bbbg\u00bb zindex=\u00bb10&#8243; overflow=\u00bbvisible\u00bb color_overlay=\u00bb#77a17d\u00bb color_overlay_2=\u00bbrgba(182,101,84,0.61)\u00bb advanced_gradient_angle=\u00bb0&#8243; overlay_strength=\u00bb0.8&#8243; gradient_direction=\u00bbtop_to_bottom\u00bb shape_divider_position=\u00bbbottom\u00bb bg_image_animation=\u00bbnone\u00bb parallax_bg=\u00bbtrue\u00bb parallax_bg_speed=\u00bbfast\u00bb shape_type=\u00bb\u00bb gradient_type=\u00bbdefault\u00bb][vc_column column_padding=\u00bbno-extra-padding\u00bb column_padding_tablet=\u00bbinherit\u00bb column_padding_phone=\u00bbinherit\u00bb column_padding_position=\u00bbright\u00bb column_element_direction_desktop=\u00bbdefault\u00bb column_element_spacing=\u00bbdefault\u00bb desktop_text_alignment=\u00bbdefault\u00bb tablet_text_alignment=\u00bbdefault\u00bb phone_text_alignment=\u00bbdefault\u00bb sticky_content=\u00bbtrue\u00bb sticky_content_functionality=\u00bbjs\u00bb background_color_opacity=\u00bb1&#8243; background_hover_color_opacity=\u00bb1&#8243; column_backdrop_filter=\u00bbnone\u00bb column_shadow=\u00bbnone\u00bb column_border_radius=\u00bbnone\u00bb column_link_target=\u00bb_self\u00bb column_position=\u00bbdefault\u00bb advanced_gradient_angle=\u00bb0&#8243; gradient_direction=\u00bbleft_to_right\u00bb overlay_strength=\u00bb0.3&#8243; width=\u00bb1\/2&#8243; tablet_width_inherit=\u00bbdefault\u00bb animation_type=\u00bbdefault\u00bb bg_image_animation=\u00bbnone\u00bb border_type=\u00bbsimple\u00bb column_border_width=\u00bbnone\u00bb column_border_style=\u00bbsolid\u00bb gradient_type=\u00bbdefault\u00bb column_padding_type=\u00bbdefault\u00bb][vc_raw_html]JTVCcHV0X3dwZ20lMjBpZCUzRDQlNUQ=[\/vc_raw_html][\/vc_column][vc_column column_padding=\u00bbno-extra-padding\u00bb column_padding_tablet=\u00bbinherit\u00bb column_padding_phone=\u00bbinherit\u00bb column_padding_position=\u00bball\u00bb column_element_direction_desktop=\u00bbdefault\u00bb column_element_spacing=\u00bbdefault\u00bb desktop_text_alignment=\u00bbdefault\u00bb tablet_text_alignment=\u00bbdefault\u00bb phone_text_alignment=\u00bbdefault\u00bb background_color_opacity=\u00bb1&#8243; background_hover_color_opacity=\u00bb1&#8243; column_backdrop_filter=\u00bbnone\u00bb column_shadow=\u00bbnone\u00bb column_border_radius=\u00bbnone\u00bb column_link_target=\u00bb_self\u00bb column_position=\u00bbdefault\u00bb gradient_direction=\u00bbleft_to_right\u00bb overlay_strength=\u00bb0.3&#8243; width=\u00bb1\/2&#8243; tablet_width_inherit=\u00bbdefault\u00bb animation_type=\u00bbdefault\u00bb bg_image_animation=\u00bbnone\u00bb border_type=\u00bbsimple\u00bb column_border_width=\u00bbnone\u00bb column_border_style=\u00bbsolid\u00bb][vc_row_inner column_margin=\u00bbdefault\u00bb column_direction=\u00bbdefault\u00bb column_direction_tablet=\u00bbdefault\u00bb column_direction_phone=\u00bbdefault\u00bb text_align=\u00bbleft\u00bb row_position=\u00bbdefault\u00bb row_position_tablet=\u00bbinherit\u00bb row_position_phone=\u00bbinherit\u00bb overflow=\u00bbvisible\u00bb pointer_events=\u00bball\u00bb][vc_column_inner column_padding=\u00bbno-extra-padding\u00bb column_padding_tablet=\u00bbinherit\u00bb column_padding_phone=\u00bbinherit\u00bb column_padding_position=\u00bball\u00bb bottom_margin=\u00bb60&#8243; column_element_direction_desktop=\u00bbdefault\u00bb column_element_spacing=\u00bbdefault\u00bb desktop_text_alignment=\u00bbright\u00bb tablet_text_alignment=\u00bbdefault\u00bb phone_text_alignment=\u00bbdefault\u00bb background_color_opacity=\u00bb1&#8243; background_hover_color_opacity=\u00bb1&#8243; column_backdrop_filter=\u00bbnone\u00bb column_shadow=\u00bbnone\u00bb column_border_radius=\u00bbnone\u00bb column_link_target=\u00bb_self\u00bb overflow=\u00bbvisible\u00bb gradient_direction=\u00bbleft_to_right\u00bb overlay_strength=\u00bb0.3&#8243; width=\u00bb1\/1&#8243; tablet_width_inherit=\u00bbdefault\u00bb animation_type=\u00bbdefault\u00bb bg_image_animation=\u00bbnone\u00bb border_type=\u00bbsimple\u00bb column_border_width=\u00bbnone\u00bb column_border_style=\u00bbsolid\u00bb column_padding_type=\u00bbdefault\u00bb gradient_type=\u00bbdefault\u00bb][nectar_btn size=\u00bblarge\u00bb button_style=\u00bbregular\u00bb button_color_2=\u00bbAccent-Color\u00bb color_override=\u00bb#dcb860&#8243; solid_text_color_override=\u00bb#000000&#8243; icon_family=\u00bbsteadysets\u00bb text=\u00bbCuaderno de viaje colectivo\u00bb url=\u00bb\/cuaderno-de-viaje-colectivo\/\u00bb icon_steadysets=\u00bbsteadysets-icon-bookmark\u00bb][\/vc_column_inner][\/vc_row_inner][vc_column_text css=\u00bb.vc_custom_1693655623538{padding-bottom: 20px !important;}\u00bb]\n<h3><a href=\"https:\/\/welcomespanishrevolution.com\/ocs2023\/bienvenidas-a-galicia\/\"><strong><em>Bienvenidas a Galiza por Mar\u00eda Bella<\/em><\/strong><\/a><\/h3>\n[\/vc_column_text][nectar_badge display_tag=\u00bbbody\u00bb badge_style=\u00bbdefault\u00bb bg_color_type=\u00bbglobal\u00bb color=\u00bbaccent-color\u00bb text_color=\u00bb#ffffff\u00bb padding=\u00bbsmall\u00bb border_radius=\u00bb0px\u00bb display=\u00bbblock\u00bb text=\u00bbXoves 12 de Outubro\u00bb margin_bottom=\u00bb20&#8243;][vc_column_text css=\u00bb.vc_custom_1696872852552{padding-bottom: 20px !important;}\u00bb]<span style=\"font-weight: 400;\">Coru\u00f1a \u2013 Lires a La Liresca (Cee)<\/span><\/p>\n<p><span style=\"font-weight: 400;\">Bienvenida en La Liresca<\/span><\/p>\n<p><span style=\"font-weight: 400;\"><em>\u00bfD\u00f3nde estamos?<\/em> Toma de contacto con el lugar. Familiarizaci\u00f3n con la historia de Lires y la de la Liresca.<\/span><\/p>\n<p><span style=\"font-weight: 400;\">Paseo libre<\/span>[\/vc_column_text][nectar_badge display_tag=\u00bbbody\u00bb badge_style=\u00bbdefault\u00bb bg_color_type=\u00bbglobal\u00bb color=\u00bbaccent-color\u00bb text_color=\u00bb#ffffff\u00bb padding=\u00bbsmall\u00bb border_radius=\u00bb0px\u00bb display=\u00bbblock\u00bb text=\u00bbVenres 13 de Outubro\u00bb][vc_column_text css=\u00bb.vc_custom_1693776129130{padding-bottom: 20px !important;}\u00bb]<span style=\"font-weight: 400;\"><strong>9:30h<\/strong>. <\/span><span style=\"font-weight: 400;\">Salida desde la Liresca, Lires (Cee) direcci\u00f3n Froxan-San Fins (Noia).\u00a0<\/span><\/p>\n<p><span style=\"font-weight: 400;\"><strong>10:30-11h<\/strong> <\/span><b>Monte y territorio: <\/b><span style=\"font-weight: 400;\">comunales, comunidades y futuro rural<\/span><\/p>\n<p><span style=\"font-weight: 400;\">Pasaremos el d\u00eda junto a la <\/span><span style=\"font-weight: 400;\">comunidad de montes de Frox\u00e1n<\/span><span style=\"font-weight: 400;\"> con algunas de sus comuneiras e comuneiros entre ellas Iolanda Mato Creo, Luc\u00eda Rodr\u00eduez Cao e Jos\u00e9 Rodr\u00eduez Cao. Estar\u00e1 tambi\u00e9n acompa\u00f1\u00e1ndonos <a href=\"https:\/\/welcomespanishrevolution.com\/ocs2023\/lara-barros-alfaro\/\">Lara Barros Alfaro<\/a> impulsora de Mulime, proyecto profesional de investigaci\u00f3n hist\u00f3rica, recuperaci\u00f3n de la memoria y dinamizaci\u00f3n comunitaria, dirigido a comunidades de montes vecinales y de mancom\u00fan.\u00a0<\/span><\/p>\n<p><span style=\"font-weight: 400;\">El Monte Vecinal en Mano Com\u00fan de Frox\u00e1n es un territorio comunal que abarca 100 hect\u00e1reas (1 km2). Esta \u00e1rea la gestionan directamente las familias que viven en la aldea, cuya tradici\u00f3n comunal se remonta a siglos atr\u00e1s.\u00a0La de Frox\u00e1n es una aldea marcada por ser una de las tres que fue ocupada a finales del s.XIX por las minas de San Finx. La importancia que cobraron minerales como el Volframio para su uso en la fabricaci\u00f3n de arsenal b\u00e9lico hizo que terrenos del com\u00fan fuesen ocupados y que se les negase su manejo a la poblaci\u00f3n local, que en contrapartida tuvo la posibilidad de acceder a puestos de trabajo en la mina.<\/span><\/p>\n<p><span style=\"font-weight: 400;\">Este monte vecinal fue, como la mayor\u00eda, usurpado por el Estado para las repoblaciones en los a\u00f1os cuarenta, primero con pino y posteriormente con eucalipto, lo que oblig\u00f3 a la poblaci\u00f3n local a tener que deshacerse de gran parte del ganado que pastaba en el monte.<\/span><\/p>\n<p><span style=\"font-weight: 400;\">En 2017 ha sido reconocida por el Programa de las Naciones Unidas para el Medio Ambiente como \u00ab\u00c1rea Conservada por Pueblos Ind\u00edgenas y Comunidades Locales\u00bb (ICCA, en sus siglas en ingl\u00e9s), siendo ejemplo de gobernanza comunitaria.<\/span><\/p>\n<p><b>Lara Barros Alfaro<\/b><span style=\"font-weight: 400;\"> nos dar\u00e1 una aproximaci\u00f3n tanto hist\u00f3rica como experiencial de distintos procesos en tierras comunales acerc\u00e1ndonos a las problem\u00e1ticas actuales de las comunidades de montes, a las resistencias que deben vencer, dificultades y retos con las que se encuentran y a los que se enfrentan introduciendo adem\u00e1s la perspectiva de g\u00e9nero en el relato.<\/span><\/p>\n<p><span style=\"font-weight: 400;\">Algunos de los elementos de inter\u00e9s:<\/span><\/p>\n<ul>\n<li style=\"font-weight: 400;\" aria-level=\"1\"><span style=\"font-weight: 400;\">Historia y proceso hist\u00f3rico de las comunidades de monte en Galicia y de la propia comunidad que visitamos.<\/span><\/li>\n<li style=\"font-weight: 400;\" aria-level=\"1\"><span style=\"font-weight: 400;\">El rol del monte en la actividad agraria y en la vida rural<\/span><\/li>\n<li style=\"font-weight: 400;\" aria-level=\"1\"><span style=\"font-weight: 400;\">V\u00ednculos de la comunidad de montes de Frox\u00e1n con la explotaci\u00f3n de la mina de San Finxs, pasado presente problem\u00e1tica actual y el extractivismo colonial en el territorio Galego.<\/span><\/li>\n<li style=\"font-weight: 400;\" aria-level=\"1\"><span style=\"font-weight: 400;\">Brigadas deseucaliptizadoras-comunidad<\/span><\/li>\n<li style=\"font-weight: 400;\" aria-level=\"1\"><span style=\"font-weight: 400;\">C\u00f3mo son las nuevas comunidades de montes<\/span><\/li>\n<li style=\"font-weight: 400;\" aria-level=\"1\"><span style=\"font-weight: 400;\">Esperanza en el rural gallego. La transformaci\u00f3n desde la perspectiva de las mujeres<\/span><\/li>\n<\/ul>\n<p><span style=\"font-weight: 400;\">Comida juntas de 14 a 15:30h.<\/span><\/p>\n<p><span style=\"font-weight: 400;\">Salida de regreso 17h. Frox\u00e1n \u2013 Lires, Cee (Liresca).\u00a0\u00a0<\/span><\/p>\n<p><span style=\"font-weight: 400;\"><strong>18:30h.<\/strong> Tarde noche en Laliresca con <\/span><a href=\"https:\/\/welcomespanishrevolution.com\/ocs2023\/german-sierra\/\"><b>Germ\u00e1n Sierra <\/b><\/a><b>\u201cEl espect\u00e1culo del m\u00e9todo\u201d<\/b><\/p>\n<p><span style=\"font-weight: 400;\">Presentaci\u00f3n orientada hacia la Ciencia, literatura y los mitos contempor\u00e1neos que aparecen en la intersecci\u00f3n de ambas.<\/span><\/p>\n<p><span style=\"font-weight: 400;\"><strong>20h.<\/strong> Tertulia cierre de d\u00eda en el comedor de la Liresca<\/span><\/p>\n<p><span style=\"font-weight: 400;\"><strong>20:30h<\/strong> Cena<\/span>[\/vc_column_text][divider line_type=\u00bbNo Line\u00bb custom_height=\u00bb35&#8243;][nectar_badge display_tag=\u00bbbody\u00bb badge_style=\u00bbdefault\u00bb bg_color_type=\u00bbglobal\u00bb color=\u00bbaccent-color\u00bb text_color=\u00bb#ffffff\u00bb padding=\u00bbsmall\u00bb border_radius=\u00bb0px\u00bb display=\u00bbblock\u00bb text=\u00bbS\u00e1bado 14 Outubro\u00bb][vc_column_text]<span style=\"font-weight: 400;\">9:30h Salida de la Liresca hacia O Freixo (Outes)<\/span><\/p>\n<p><b>10:30-11h. <\/b><b>El mar y el monte se funden: <\/b><span style=\"font-weight: 400;\">con los pies en el agua; trabajo y patrimonio<\/span><\/p>\n<p><span style=\"font-weight: 400;\">Pasamos el d\u00eda en la orilla del mar, en el limiar entre monte y oc\u00e9ano. Haremos la ruta de los carpinteros de los pies mojados junto a\u00a0<a href=\"https:\/\/welcomespanishrevolution.com\/ocs2023\/oscar-fuertes-do-pico\/\">Oscar<\/a><a href=\"https:\/\/welcomespanishrevolution.com\/ocs2023\/oscar-fuertes-do-pico\/\"> Fuertes<\/a><a href=\"https:\/\/welcomespanishrevolution.com\/ocs2023\/oscar-fuertes-do-pico\/\"> do<\/a><a href=\"https:\/\/welcomespanishrevolution.com\/ocs2023\/oscar-fuertes-do-pico\/\"> Pico<\/a><\/span><span style=\"font-weight: 400;\">. Oscar dedic\u00f3 su investigaci\u00f3n doctoral al estudio y evoluci\u00f3n entre 1750 y 1950 de la Carpinter\u00eda de Ribeira, oficio artesanal casi extinguido por completo. La zona que recorreremos tuvo un gran n\u00famero de estos talleres, ninguno de ellos activo hoy. En el caso de este oficio, el monte prove\u00eda el recurso maderero en muchos casos para la estructura de los propios talleres como para la producci\u00f3n de las embarcaciones. Los talleres estaban ubicados a la orilla del mar y de \u00e9l sal\u00edan muchos de los barcos empleados para el sector pesquero.<\/span><\/p>\n<p><span style=\"font-weight: 400;\">Pasearemos luego junto a<\/span><b> Adela Leston<\/b><span style=\"font-weight: 400;\">, vicepatrona da agrupaci\u00f3n de mariscadoras de la confraria de Muros y junto a<\/span><b><a href=\"https:\/\/welcomespanishrevolution.com\/ocs2023\/xabier-santos\/\"> Xabier Santos<\/a> y Xabier Aboi Per\u00e9z <span style=\"font-weight: 400;\">ambos vinculados a la CIG (Confederaci\u00f3n intersindical Gallega). <\/span><\/b><span style=\"font-weight: 400;\">Nos centraremos, aunque no exclusivamente, en el marisqueo a pie del que se dice es el trabajo de huerta en la orilla del mar. En el marisqueo a pie se capturan diferentes especies, principalmente, berberechos, almejas, navajas y longueir\u00f3n que viven sobre el fondo arenoso del mar o enterradas en \u00e9l. Tradicionalmente y mayoritariamente ha sido y es desempe\u00f1ado por mujeres, comenz\u00f3 realiz\u00e1ndose de manera \u201cinformal\u201d como apoyo de subsistencia en la casa y no estuvo legislado hasta hace dos d\u00e9cadas.<\/span><span style=\"font-weight: 400;\"> Hablaremos tambi\u00e9n de las dificultades de representaci\u00f3n de este sector ante las adminitraciones y de la deficiente comprensi\u00f3n de lo que son. Introduciremos momentos de crisis y de oportunidades como fue el caso de la confluencia de drama y unidad que trajo el hundimiento del petrolero Prestige en 2003.<\/span><\/p>\n<p><span style=\"font-weight: 400;\">Comida juntas de 14 a 15:30h.<\/span><\/p>\n<p><b>BUS:<\/b> <span style=\"font-weight: 400;\">Salida de regreso 17h. O Freixo &#8211; La Liresca (Lires, Cee)<\/span><\/p>\n<p><span style=\"font-weight: 400;\">18:30h. Tarde\/noche en la Liresca con:<\/span><\/p>\n<p><b><span style=\"font-weight: 400;\"><a href=\"https:\/\/welcomespanishrevolution.com\/ocs2023\/diego-vites\/\">Diego Vites<\/a><\/span>\u00a0<\/b><span style=\"font-weight: 400;\">que presentar\u00e1 su proyecto <\/span><i><span style=\"font-weight: 400;\"><strong>Cabria para normal<\/strong> <\/span><\/i><span style=\"font-weight: 400;\">que est\u00e1 abordado desde diferentes disciplinas y que tiene por objetivo el an\u00e1lisis y la observaci\u00f3n de las formas, de los materiales, de los movimientos y de los usos que se dan en el proceso artesanal de los secaderos de congrio.<\/span><\/p>\n<p>Este proyecto fue pensado desde la fragilidad del momento actual, un instante en el que la etiqueta de lo popular toma direcciones contradictorias, que desactivan para el pueblo el valor de la filiaci\u00f3n con sus se\u00f1ales de identidad, desembocando en una deriva folclorizante que promueve la exageraci\u00f3n de los rituales propios<\/p>\n<p><strong>20h. Tertulia cierre de d\u00eda<\/strong><\/p>\n<p><strong>20:30h<\/strong> Cena[\/vc_column_text][divider line_type=\u00bbNo Line\u00bb custom_height=\u00bb35&#8243;][nectar_badge display_tag=\u00bbbody\u00bb badge_style=\u00bbdefault\u00bb bg_color_type=\u00bbglobal\u00bb color=\u00bbaccent-color\u00bb text_color=\u00bb#ffffff\u00bb padding=\u00bbsmall\u00bb border_radius=\u00bb0px\u00bb display=\u00bbblock\u00bb text=\u00bbDomingo 15 Outubro\u00bb][vc_column_text]<strong>10-11:30h<\/strong> Perspectivas desde el Archivo <a href=\"https:\/\/constelaciondeloscomunes.org\/unha-gran-burla-negra\/\" target=\"_blank\" rel=\"noopener\">Vivo Unha Gran Burla Negra<\/a><\/p>\n<p>Durante la ma\u00f1ana en la Liresca, haremos una introducci\u00f3n a una de las cat\u00e1strofes m\u00e1s significativas en t\u00e9rminos medioambientales, pol\u00edticos y sociales en Espa\u00f1a con especial incidencia en el territorio de Costa da Morte. La cat\u00e1strofe derivada de la gesti\u00f3n del accidente del petrolero Prestige en 2002. Presentaremos, acompa\u00f1ados de <a href=\"https:\/\/welcomespanishrevolution.com\/ocs2023\/maria-bella\/\"><b>Maria Bella<\/b><\/a>, el <b>Archivo Vivo de Unha Gran Burla Negra<\/b>con el que la asociaci\u00f3n cultural que lo custodia recupera y hace p\u00fablica la memoria del movimiento ciudadano Nunca M\u00e1is, fuerza popular y colectiva que supo poner en jaque al gobierno responsable de la gesti\u00f3n. La asociaci\u00f3n activa curatorialmente este archivo como lucha contra el olvido de los efectos de este acontecimiento.<\/p>\n<p><strong>12h<\/strong> Liresca &#8211; Mux\u00eda<\/p>\n<p><strong>12.30h-15h <\/strong>Visita a Mux\u00eda, zona 0 de la cat\u00e1strofe del Prestige nos acompa\u00f1ar\u00e1 <b>Viki Rivadulla<\/b>, artista y activista, gran implicada en el movimiento ciudadano Nunca M\u00e1is y gran conocedora de la historia y patrimonio Muxi\u00e1n. Con ella recorreremos algunos de los lugares marcados por la cat\u00e1strofe del Prestige y nos acercaremos a conocer los Secaderos de C\u00f3ngrio, una joya del procesado artesanal del secado de pescado que est\u00e1 en peligro y a punto de desaparecer.<\/p>\n<p><strong>16h<\/strong> Mux\u00eda- Lires (Liresca)<\/p>\n<p>Descanso na Liresca<\/p>\n<p><strong>18:30h <\/strong> Liresca \u2013 Corcubi\u00f3n<\/p>\n<p><strong>19h. Que bonita vas ser.<\/strong> En Corcubi\u00f3n, coincidiendo con el d\u00eda internacional de la mujer rural leeremos un texto escrito por Alan L\u00f3max etnomusicolo que visit\u00f3 Corcubi\u00f3n a comienzos de los a\u00f1os 50 para hacer grabaciones de campo de la m\u00fasica popular gallega. El texto, original en ingl\u00e9s y traducido al gallego para la ocasi\u00f3n, da cuenta a ojos de L\u00f3max de lo que era llegar a esas tierras del fin del mundo en aquella \u00e9poca. Tambi\u00e9n habla del papel de la mujer, del trabajo de ellas, de la m\u00fasica y la fiesta. Intercambiaremos reflexiones entre los habitantes de Corcubi\u00f3n y el alumnado americano al respecto del relato de L\u00f3max.<\/p>\n<p>Este evento se cerrar\u00e1 con una actuaci\u00f3n de<a href=\"https:\/\/welcomespanishrevolution.com\/ocs2023\/as-xavinanas\/\"> As <em>Xavi\u00f1anas<\/em><\/a>, grupo de pandereteiras originales de Corcubi\u00f3n que recuperan las canciones populares de las mujeres a las que Lomax grab\u00f3.<\/p>\n<p>Nota: Esta actividad se llevar\u00e1 a cabo en colaboraci\u00f3n con el Concello de Corcubi\u00f3n y la <a href=\"https:\/\/welcomespanishrevolution.com\/ocs2023\/asociacion-cultural-universidade-popular-de-corcubion\/\">Asociaci\u00f3n Cultural Universidade Popular de Corcubi\u00f3n<\/a>.<\/p>\n<p><strong>21h.<\/strong> Tiempo libre en Corcubi\u00f3n y cena conjunta en alg\u00fan bar\/local.<\/p>\n<p>23h regreso Corcubi\u00f3n- Laliresca (Cee)[\/vc_column_text][divider line_type=\u00bbNo Line\u00bb custom_height=\u00bb35&#8243;][nectar_badge display_tag=\u00bbbody\u00bb badge_style=\u00bbdefault\u00bb bg_color_type=\u00bbglobal\u00bb color=\u00bbaccent-color\u00bb text_color=\u00bb#ffffff\u00bb padding=\u00bbsmall\u00bb border_radius=\u00bb0px\u00bb display=\u00bbblock\u00bb text=\u00bbLunes 16 Outubro\u00bb][vc_column_text]<span style=\"font-weight: 400;\">Desayuno despedida<\/span><\/p>\n<p><b>BUS:<\/b><span style=\"font-weight: 400;\"> Liresca Lires, Cee \u2013 Santiago de Compostela. Paseo por la ciudad.<\/span><\/p>\n<p><span style=\"font-weight: 400;\">Regreso a Madrid<\/span>[\/vc_column_text][\/vc_column][\/vc_row][vc_row type=\u00bbin_container\u00bb full_screen_row_position=\u00bbmiddle\u00bb column_margin=\u00bbdefault\u00bb column_direction=\u00bbdefault\u00bb column_direction_tablet=\u00bbdefault\u00bb column_direction_phone=\u00bbdefault\u00bb scene_position=\u00bbcenter\u00bb text_color=\u00bbdark\u00bb text_align=\u00bbleft\u00bb row_border_radius=\u00bbnone\u00bb row_border_radius_applies=\u00bbbg\u00bb overflow=\u00bbvisible\u00bb overlay_strength=\u00bb0.3&#8243; gradient_direction=\u00bbleft_to_right\u00bb shape_divider_position=\u00bbbottom\u00bb bg_image_animation=\u00bbnone\u00bb][vc_column column_padding=\u00bbno-extra-padding\u00bb column_padding_tablet=\u00bbinherit\u00bb column_padding_phone=\u00bbinherit\u00bb column_padding_position=\u00bball\u00bb column_element_direction_desktop=\u00bbdefault\u00bb column_element_spacing=\u00bbdefault\u00bb desktop_text_alignment=\u00bbdefault\u00bb tablet_text_alignment=\u00bbdefault\u00bb phone_text_alignment=\u00bbdefault\u00bb background_color_opacity=\u00bb1&#8243; background_hover_color_opacity=\u00bb1&#8243; column_backdrop_filter=\u00bbnone\u00bb column_shadow=\u00bbnone\u00bb column_border_radius=\u00bbnone\u00bb column_link_target=\u00bb_self\u00bb column_position=\u00bbdefault\u00bb gradient_direction=\u00bbleft_to_right\u00bb overlay_strength=\u00bb0.3&#8243; width=\u00bb1\/1&#8243; tablet_width_inherit=\u00bbdefault\u00bb animation_type=\u00bbdefault\u00bb bg_image_animation=\u00bbnone\u00bb border_type=\u00bbsimple\u00bb column_border_width=\u00bbnone\u00bb column_border_style=\u00bbsolid\u00bb][nectar_post_grid post_type=\u00bbcustom\u00bb cpt_name=\u00bbpost\u00bb order=\u00bbASC\u00bb orderby=\u00bbtitle\u00bb pagination=\u00bbnone\u00bb grid_item_spacing=\u00bb25px\u00bb enable_sortable=\u00bbyes\u00bb sortable_alignment=\u00bbdefault\u00bb sortable_color=\u00bbdefault\u00bb image_size=\u00bbportfolio-thumb_large\u00bb image_loading=\u00bbdefault\u00bb animation=\u00bbfade-in-from-bottom\u00bb animation_stagger=\u00bb90&#8243; animation_easing=\u00bbdefault\u00bb heading_tag=\u00bbh4&#8243; additional_meta_size=\u00bbdefault\u00bb grid_style=\u00bbvertical_list\u00bb vertical_list_hover_effect=\u00bbslight_move\u00bb vertical_list_border_color=\u00bb#000000&#8243; text_color=\u00bbdark\u00bb posts_per_page=\u00bb20&#8243; display_type=\u00bbgrid\u00bb custom_query_tax=\u00bb19&#8243;][\/vc_column][\/vc_row]\n","protected":false},"excerpt":{"rendered":"<p>[vc_row type=\u00bbfull_width_background\u00bb full_screen_row_position=\u00bbmiddle\u00bb column_margin=\u00bbdefault\u00bb column_direction=\u00bbdefault\u00bb column_direction_tablet=\u00bbdefault\u00bb column_direction_phone=\u00bbdefault\u00bb scene_position=\u00bbcenter\u00bb top_padding=\u00bb5%\u00bb bottom_padding=\u00bb4%\u00bb text_color=\u00bbdark\u00bb text_align=\u00bbleft\u00bb row_border_radius=\u00bbnone\u00bb row_border_radius_applies=\u00bbbg\u00bb overflow=\u00bbvisible\u00bb overlay_strength=\u00bb0.3&#8243; gradient_direction=\u00bbleft_to_right\u00bb shape_divider_position=\u00bbbottom\u00bb bg_image_animation=\u00bbnone\u00bb shape_type=\u00bbfan\u00bb gradient_type=\u00bbdefault\u00bb][vc_column column_padding=\u00bbno-extra-padding\u00bb column_padding_tablet=\u00bbinherit\u00bb column_padding_phone=\u00bbinherit\u00bb column_padding_position=\u00bball\u00bb column_element_direction_desktop=\u00bbdefault\u00bb column_element_spacing=\u00bbdefault\u00bb desktop_text_alignment=\u00bbdefault\u00bb tablet_text_alignment=\u00bbdefault\u00bb phone_text_alignment=\u00bbdefault\u00bb&#8230;<\/p>\n","protected":false},"author":2,"featured_media":0,"parent":0,"menu_order":0,"comment_status":"closed","ping_status":"closed","template":"","meta":{"footnotes":""},"class_list":["post-271","page","type-page","status-publish"],"_links":{"self":[{"href":"https:\/\/welcomespanishrevolution.com\/ocs2023\/wp-json\/wp\/v2\/pages\/271","targetHints":{"allow":["GET"]}}],"collection":[{"href":"https:\/\/welcomespanishrevolution.com\/ocs2023\/wp-json\/wp\/v2\/pages"}],"about":[{"href":"https:\/\/welcomespanishrevolution.com\/ocs2023\/wp-json\/wp\/v2\/types\/page"}],"author":[{"embeddable":true,"href":"https:\/\/welcomespanishrevolution.com\/ocs2023\/wp-json\/wp\/v2\/users\/2"}],"replies":[{"embeddable":true,"href":"https:\/\/welcomespanishrevolution.com\/ocs2023\/wp-json\/wp\/v2\/comments?post=271"}],"version-history":[{"count":39,"href":"https:\/\/welcomespanishrevolution.com\/ocs2023\/wp-json\/wp\/v2\/pages\/271\/revisions"}],"predecessor-version":[{"id":579,"href":"https:\/\/welcomespanishrevolution.com\/ocs2023\/wp-json\/wp\/v2\/pages\/271\/revisions\/579"}],"wp:attachment":[{"href":"https:\/\/welcomespanishrevolution.com\/ocs2023\/wp-json\/wp\/v2\/media?parent=271"}],"curies":[{"name":"wp","href":"https:\/\/api.w.org\/{rel}","templated":true}]}}